{"id":166,"date":"2020-08-30T23:36:07","date_gmt":"2020-08-30T21:36:07","guid":{"rendered":"https:\/\/marchingbandmarcq.wordpress.com\/?page_id=166"},"modified":"2025-03-26T21:16:19","modified_gmt":"2025-03-26T20:16:19","slug":"membres","status":"publish","type":"page","link":"https:\/\/marchingbandmarcq.com\/index.php\/membres\/","title":{"rendered":"Membres"},"content":{"rendered":"<div class=\"wp-block-image\">\n<figure class=\"aligncenter size-large is-resized\"><img loading=\"lazy\" decoding=\"async\" width=\"1024\" height=\"682\" src=\"https:\/\/marchingbandmarcq.com\/wp-content\/uploads\/2022\/05\/Image-Marching-8-mai-1024x682.jpg\" alt=\"\" class=\"wp-image-634\" style=\"width:512px;height:undefinedpx\" srcset=\"https:\/\/marchingbandmarcq.com\/wp-content\/uploads\/2022\/05\/Image-Marching-8-mai-1024x682.jpg 1024w, https:\/\/marchingbandmarcq.com\/wp-content\/uploads\/2022\/05\/Image-Marching-8-mai-300x200.jpg 300w, https:\/\/marchingbandmarcq.com\/wp-content\/uploads\/2022\/05\/Image-Marching-8-mai-768x512.jpg 768w, https:\/\/marchingbandmarcq.com\/wp-content\/uploads\/2022\/05\/Image-Marching-8-mai-1536x1023.jpg 1536w, https:\/\/marchingbandmarcq.com\/wp-content\/uploads\/2022\/05\/Image-Marching-8-mai.jpg 1600w\" sizes=\"auto, (max-width: 1024px) 100vw, 1024px\" \/><\/figure><\/div>\n\n\n<div style=\"height:30px\" aria-hidden=\"true\" class=\"wp-block-spacer\"><\/div>\n\n\n\n<p class=\"has-text-align-left\">L&rsquo;orchestre compte une quarantaine de musiciens essentiellement jeunes.<\/p>\n\n\n\n<div style=\"height:12px\" aria-hidden=\"true\" class=\"wp-block-spacer desktop-only\"><\/div>\n\n\n\n<h3 class=\"wp-block-heading has-text-align-center\">Le chef<\/h3>\n\n\n\n<p>Tommy DESCAMPS est le directeur musical et fondateur de l&rsquo;orchestre.<\/p>\n\n\n\n<p>Depuis une dizaine d&rsquo;ann\u00e9e, il enseigne la Formation Musicale, le trombone et dirige un orchestre de 1er cycle  au conservatoire de Marcq-en-Bar\u0153ul. A la suite de la direction d&rsquo;un op\u00e9ra pour enfants pour orchestre symphonique, choeur, danse et art dramatique, il d\u00e9cide, \u00e0 l&rsquo;aide du directeur de l&rsquo;\u00e9poque, de cr\u00e9er une nouvelle formation in\u00e9dite sur la m\u00e9tropole : un Marching Band. Rapidement, l&rsquo;orchestre \u00e9volue par sa qualit\u00e9 et sa f\u00e9d\u00e9ration entre tous les jeunes musiciens.<\/p>\n\n\n\n<p>Il est \u00e9galement auteur-\u00e9diteur de dix livres de Formation Musicale, et professeur de formation musicale pour danseurs \u00e0 l&rsquo;Ecole Sup\u00e9rieure de Musique et de Danse de Lille.<\/p>\n\n\n\n<div style=\"height:30px\" aria-hidden=\"true\" class=\"wp-block-spacer\"><\/div>\n\n\n\n<h3 class=\"wp-block-heading has-text-align-center\">Le Bureau<\/h3>\n\n\n\n<div class=\"wp-block-columns alignwide has-3-columns is-layout-flex wp-container-core-columns-is-layout-9d6595d7 wp-block-columns-is-layout-flex\">\n<div class=\"wp-block-column is-layout-flow wp-block-column-is-layout-flow\">\n<blockquote class=\"wp-block-quote is-layout-flow wp-block-quote-is-layout-flow\">\n<p>Annabelle DESRUE<\/p>\n<cite>Pr\u00e9sidente<\/cite><\/blockquote>\n\n\n\n<blockquote class=\"wp-block-quote is-layout-flow wp-block-quote-is-layout-flow\">\n<p>Flavie TOULEMONDE<\/p>\n<cite>Vice-pr\u00e9sidente<\/cite><\/blockquote>\n<\/div>\n\n\n\n<div class=\"wp-block-column is-layout-flow wp-block-column-is-layout-flow\">\n<blockquote class=\"wp-block-quote is-layout-flow wp-block-quote-is-layout-flow\">\n<p>Amandine DELEPLANQUE<\/p>\n<cite>Tr\u00e9sori\u00e8re<\/cite><\/blockquote>\n\n\n\n<blockquote class=\"wp-block-quote is-layout-flow wp-block-quote-is-layout-flow\">\n<p>Lou-Ann THOMAS-GOURANTON<\/p>\n<cite>Vice-tr\u00e9sori\u00e8re<\/cite><\/blockquote>\n<\/div>\n\n\n\n<div class=\"wp-block-column is-layout-flow wp-block-column-is-layout-flow\">\n<blockquote class=\"wp-block-quote is-layout-flow wp-block-quote-is-layout-flow\">\n<p>Madeleine HATZFELD<\/p>\n<cite>Secr\u00e9taire<\/cite><\/blockquote>\n\n\n\n<blockquote class=\"wp-block-quote is-layout-flow wp-block-quote-is-layout-flow\">\n<p>Tom DEBRUYNE<\/p>\n<cite>Vice-secr\u00e9taire<\/cite><\/blockquote>\n<\/div>\n<\/div>\n\n\n\n<h3 class=\"wp-block-heading has-text-align-center\">Le Conseil d&rsquo;Administration<\/h3>\n\n\n\n<ul class=\"wp-block-list\">\n<li>Hugo BONNET<\/li>\n\n\n\n<li>Th\u00e9o DOLPHENS<\/li>\n\n\n\n<li>Lancelot FLAMENCOURT<\/li>\n\n\n\n<li>Baptiste HOCHART<\/li>\n\n\n\n<li>Arthur PLATEAU<\/li>\n\n\n\n<li>Rapha\u00ebl POIROT<\/li>\n\n\n\n<li>Rosalie POIROT<\/li>\n\n\n\n<li>Justin VERVOORT<\/li>\n<\/ul>\n","protected":false},"excerpt":{"rendered":"<p>L&rsquo;orchestre compte une quarantaine de musiciens essentiellement jeunes. Le chef Tommy DESCAMPS est le directeur musical et fondateur de l&rsquo;orchestre. Depuis une dizaine d&rsquo;ann\u00e9e, il enseigne la Formation Musicale, le trombone et dirige un orchestre de 1er cycle au conservatoire de Marcq-en-Bar\u0153ul. A la suite de la direction d&rsquo;un op\u00e9ra pour enfants pour orchestre symphonique, &hellip; <a href=\"https:\/\/marchingbandmarcq.com\/index.php\/membres\/\" class=\"more-link\">Lire la suite <span class=\"screen-reader-text\">Membres<\/span><\/a><\/p>\n","protected":false},"author":1,"featured_media":0,"parent":0,"menu_order":0,"comment_status":"closed","ping_status":"closed","template":"","meta":{"footnotes":""},"class_list":["post-166","page","type-page","status-publish","hentry"],"_links":{"self":[{"href":"https:\/\/marchingbandmarcq.com\/index.php\/wp-json\/wp\/v2\/pages\/166","targetHints":{"allow":["GET"]}}],"collection":[{"href":"https:\/\/marchingbandmarcq.com\/index.php\/wp-json\/wp\/v2\/pages"}],"about":[{"href":"https:\/\/marchingbandmarcq.com\/index.php\/wp-json\/wp\/v2\/types\/page"}],"author":[{"embeddable":true,"href":"https:\/\/marchingbandmarcq.com\/index.php\/wp-json\/wp\/v2\/users\/1"}],"replies":[{"embeddable":true,"href":"https:\/\/marchingbandmarcq.com\/index.php\/wp-json\/wp\/v2\/comments?post=166"}],"version-history":[{"count":47,"href":"https:\/\/marchingbandmarcq.com\/index.php\/wp-json\/wp\/v2\/pages\/166\/revisions"}],"predecessor-version":[{"id":1755,"href":"https:\/\/marchingbandmarcq.com\/index.php\/wp-json\/wp\/v2\/pages\/166\/revisions\/1755"}],"wp:attachment":[{"href":"https:\/\/marchingbandmarcq.com\/index.php\/wp-json\/wp\/v2\/media?parent=166"}],"curies":[{"name":"wp","href":"https:\/\/api.w.org\/{rel}","templated":true}]}}